{"id":568,"date":"2024-02-22T12:04:33","date_gmt":"2024-02-22T12:04:33","guid":{"rendered":"https:\/\/innovaciosocial.udl.cat\/?post_type=avada_portfolio&#038;p=568"},"modified":"2024-04-24T07:31:58","modified_gmt":"2024-04-24T07:31:58","slug":"contagia-felicitat-mapa-de-la-felicitat","status":"publish","type":"avada_portfolio","link":"https:\/\/innovaciosocial.udl.cat\/index.php\/portfolio-items\/contagia-felicitat-mapa-de-la-felicitat\/","title":{"rendered":"Mapa de la felicitat"},"content":{"rendered":"<p><div class=\"fusion-fullwidth fullwidth-box fusion-builder-row-1 fusion-flex-container has-pattern-background has-mask-background hundred-percent-fullwidth non-hundred-percent-height-scrolling\" style=\"--link_hover_color: var(--awb-color1);--link_color: var(--awb-color3);--awb-border-radius-top-left:0px;--awb-border-radius-top-right:0px;--awb-border-radius-bottom-right:0px;--awb-border-radius-bottom-left:0px;--awb-padding-top:0px;--awb-padding-right:10vw;--awb-padding-bottom:0px;--awb-padding-left:0px;--awb-padding-right-small:10%;--awb-padding-left-small:10%;--awb-margin-top:-60px;--awb-margin-bottom:0px;--awb-margin-top-small:0px;--awb-margin-bottom-small:0px;--awb-flex-wrap:wrap;\" ><div class=\"fusion-builder-row fusion-row fusion-flex-align-items-stretch fusion-flex-content-wrap\" style=\"width:104% !important;max-width:104% !important;margin-left: calc(-4% \/ 2 );margin-right: calc(-4% \/ 2 );\"><div class=\"fusion-layout-column fusion_builder_column fusion-builder-column-0 fusion-flex-column fusion-flex-align-self-stretch\" style=\"--awb-padding-top:50px;--awb-padding-right:50px;--awb-padding-bottom:70px;--awb-padding-left:20%;--awb-padding-left-small:50px;--awb-bg-color:var(--awb-color3);--awb-bg-color-hover:var(--awb-color3);--awb-bg-size:cover;--awb-width-large:60%;--awb-margin-top-large:0px;--awb-spacing-right-large:0px;--awb-margin-bottom-large:0px;--awb-spacing-left-large:0px;--awb-width-medium:60%;--awb-order-medium:0;--awb-spacing-right-medium:0px;--awb-spacing-left-medium:0px;--awb-width-small:100%;--awb-order-small:0;--awb-spacing-right-small:1.92%;--awb-spacing-left-small:1.92%;\" data-motion-effects=\"[{&quot;type&quot;:&quot;&quot;,&quot;scroll_type&quot;:&quot;transition&quot;,&quot;scroll_direction&quot;:&quot;up&quot;,&quot;transition_speed&quot;:&quot;1&quot;,&quot;fade_type&quot;:&quot;in&quot;,&quot;scale_type&quot;:&quot;up&quot;,&quot;initial_scale&quot;:&quot;1&quot;,&quot;max_scale&quot;:&quot;1.5&quot;,&quot;min_scale&quot;:&quot;0.5&quot;,&quot;initial_rotate&quot;:&quot;0&quot;,&quot;end_rotate&quot;:&quot;30&quot;,&quot;initial_blur&quot;:&quot;0&quot;,&quot;end_blur&quot;:&quot;3&quot;,&quot;start_element&quot;:&quot;top&quot;,&quot;start_viewport&quot;:&quot;bottom&quot;,&quot;end_element&quot;:&quot;bottom&quot;,&quot;end_viewport&quot;:&quot;top&quot;,&quot;mouse_effect&quot;:&quot;track&quot;,&quot;mouse_effect_direction&quot;:&quot;opposite&quot;,&quot;mouse_effect_speed&quot;:&quot;2&quot;,&quot;infinite_animation&quot;:&quot;float&quot;,&quot;infinite_animation_speed&quot;:&quot;2&quot;}]\" data-scroll-devices=\"small-visibility,medium-visibility,large-visibility\"><div class=\"fusion-column-wrapper fusion-column-has-shadow fusion-flex-justify-content-flex-end fusion-content-layout-column\"><div class=\"fusion-title title fusion-title-1 fusion-sep-none fusion-title-text fusion-title-size-one\" style=\"--awb-text-color:var(--awb-color1);--awb-font-size:50px;\"><h1 class=\"fusion-title-heading title-heading-left fusion-responsive-typography-calculated\" style=\"margin:0;font-size:1em;--fontSize:50;line-height:var(--awb-typography1-line-height);\">Mapa de la felicitat<\/h1><\/div><div class=\"fusion-title title fusion-title-2 fusion-sep-none fusion-title-text fusion-title-size-five\" style=\"--awb-text-color:var(--awb-color1);\"><h5 class=\"fusion-title-heading title-heading-left fusion-responsive-typography-calculated\" style=\"margin:0;--fontSize:20;--minFontSize:20;line-height:var(--awb-typography1-line-height);\">Nivell de Felicitat i qualitat de vida del territori<\/h5><\/div><\/div><\/div><div class=\"fusion-layout-column fusion_builder_column fusion-builder-column-1 fusion-flex-column\" style=\"--awb-padding-top:200px;--awb-padding-bottom:200px;--awb-padding-top-small:50px;--awb-padding-bottom-small:50px;--awb-bg-color:var(--awb-color3);--awb-bg-color-hover:var(--awb-color3);--awb-bg-image:url(&#039;https:\/\/innovaciosocial.udl.cat\/wp-content\/uploads\/2024\/02\/Mapa-felicitat-scaled.jpg&#039;);--awb-bg-position:center center;--awb-bg-size:cover;--awb-width-large:40%;--awb-margin-top-large:0px;--awb-spacing-right-large:0px;--awb-margin-bottom-large:0px;--awb-spacing-left-large:0px;--awb-width-medium:40%;--awb-order-medium:0;--awb-spacing-right-medium:0px;--awb-spacing-left-medium:0px;--awb-width-small:100%;--awb-order-small:0;--awb-spacing-right-small:1.92%;--awb-spacing-left-small:1.92%;\" data-motion-effects=\"[{&quot;type&quot;:&quot;&quot;,&quot;scroll_type&quot;:&quot;transition&quot;,&quot;scroll_direction&quot;:&quot;up&quot;,&quot;transition_speed&quot;:&quot;1&quot;,&quot;fade_type&quot;:&quot;in&quot;,&quot;scale_type&quot;:&quot;up&quot;,&quot;initial_scale&quot;:&quot;1&quot;,&quot;max_scale&quot;:&quot;1.5&quot;,&quot;min_scale&quot;:&quot;0.5&quot;,&quot;initial_rotate&quot;:&quot;0&quot;,&quot;end_rotate&quot;:&quot;30&quot;,&quot;initial_blur&quot;:&quot;0&quot;,&quot;end_blur&quot;:&quot;3&quot;,&quot;start_element&quot;:&quot;top&quot;,&quot;start_viewport&quot;:&quot;bottom&quot;,&quot;end_element&quot;:&quot;bottom&quot;,&quot;end_viewport&quot;:&quot;top&quot;,&quot;mouse_effect&quot;:&quot;track&quot;,&quot;mouse_effect_direction&quot;:&quot;opposite&quot;,&quot;mouse_effect_speed&quot;:&quot;2&quot;,&quot;infinite_animation&quot;:&quot;float&quot;,&quot;infinite_animation_speed&quot;:&quot;2&quot;}]\" data-scroll-devices=\"small-visibility,medium-visibility,large-visibility\"><div class=\"fusion-column-wrapper fusion-column-has-shadow fusion-flex-justify-content-flex-start fusion-content-layout-column fusion-empty-column-bg-image fusion-column-has-bg-image\" data-bg-url=\"https:\/\/innovaciosocial.udl.cat\/wp-content\/uploads\/2024\/02\/Mapa-felicitat-scaled.jpg\"><img decoding=\"async\" class=\"fusion-empty-dims-img-placeholder fusion-no-large-visibility fusion-no-medium-visibility\" src=\"data:image\/svg+xml,%3Csvg%20xmlns%3D%27http%3A%2F%2Fwww.w3.org%2F2000%2Fsvg%27%20width%3D%272560%27%20height%3D%272157%27%20viewBox%3D%270%200%202560%202157%27%3E%3Crect%20width%3D%272560%27%20height%3D%272157%27%20fill-opacity%3D%220%22%2F%3E%3C%2Fsvg%3E\"><\/div><\/div><\/div><\/div><div class=\"fusion-fullwidth fullwidth-box fusion-builder-row-2 fusion-flex-container has-pattern-background has-mask-background nonhundred-percent-fullwidth non-hundred-percent-height-scrolling\" style=\"--awb-border-radius-top-left:0px;--awb-border-radius-top-right:0px;--awb-border-radius-bottom-right:0px;--awb-border-radius-bottom-left:0px;--awb-padding-top:50px;--awb-padding-bottom-small:0px;--awb-flex-wrap:wrap;\" ><div class=\"fusion-builder-row fusion-row fusion-flex-align-items-stretch fusion-flex-justify-content-space-between fusion-flex-content-wrap\" style=\"max-width:1248px;margin-left: calc(-4% \/ 2 );margin-right: calc(-4% \/ 2 );\"><div class=\"fusion-layout-column fusion_builder_column fusion-builder-column-2 fusion_builder_column_1_1 1_1 fusion-flex-column\" style=\"--awb-bg-size:cover;--awb-width-large:100%;--awb-margin-top-large:0px;--awb-spacing-right-large:1.92%;--awb-margin-bottom-large:20px;--awb-spacing-left-large:1.92%;--awb-width-medium:100%;--awb-order-medium:0;--awb-spacing-right-medium:1.92%;--awb-spacing-left-medium:1.92%;--awb-width-small:100%;--awb-order-small:0;--awb-spacing-right-small:1.92%;--awb-spacing-left-small:1.92%;\"><div class=\"fusion-column-wrapper fusion-column-has-shadow fusion-flex-justify-content-flex-start fusion-content-layout-column\"><div class=\"fusion-text fusion-text-1\"><p>Actualment, s&#8217;est\u00e0 duent a terme un estudi per analitzar la\u00a0<strong>Felicitat i qualitat de vida del territori &#8211; Mapa de la Felicitat\u00a0<\/strong>(en proc\u00e9s de recollida d&#8217;informaci\u00f3). A trav\u00e9s d&#8217;un q\u00fcestionari recollim les\u00a0respostes\u00a0dels participants. S\u2019han tingut en compte com a \u00edtems la felicitat en general, el benestar personal i la satisfacci\u00f3 amb la vida. Mitjan\u00e7ant\u00a0l\u2019<strong>\u00cdndex de Benestar de Lleida<\/strong>\u00a0que engloba els indicadors de condicions materials de la vida: treball, ingressos i habitatge, i les condicions b\u00e0siques per una bona qualitat de vida: vida comunit\u00e0ria, educaci\u00f3, equilibri laboral-personal, medi ambient, participaci\u00f3 ciutadana, salut, satisfacci\u00f3 amb la vida i seguretat, coneixerem les caracter\u00edstiques socials del nostre territori.<\/p>\n<p><strong>Aquest \u00edndex \u00e9s transversal a tots els estudis dels diferents col\u00b7lectius que s\u2019estudien a la C\u00e0tedra.<\/strong><\/p>\n<\/div><\/div><\/div><div class=\"fusion-layout-column fusion_builder_column fusion-builder-column-3 fusion_builder_column_1_1 1_1 fusion-flex-column\" style=\"--awb-padding-bottom:30px;--awb-padding-left:100px;--awb-padding-right-small:5%;--awb-padding-left-small:5%;--awb-bg-size:cover;--awb-width-large:100%;--awb-margin-top-large:0px;--awb-spacing-right-large:1.92%;--awb-margin-bottom-large:20px;--awb-spacing-left-large:1.92%;--awb-width-medium:100%;--awb-order-medium:0;--awb-spacing-right-medium:1.92%;--awb-spacing-left-medium:1.92%;--awb-width-small:100%;--awb-order-small:0;--awb-spacing-right-small:1.92%;--awb-spacing-left-small:1.92%;\" data-motion-effects=\"[{&quot;type&quot;:&quot;&quot;,&quot;scroll_type&quot;:&quot;transition&quot;,&quot;scroll_direction&quot;:&quot;up&quot;,&quot;transition_speed&quot;:&quot;1&quot;,&quot;fade_type&quot;:&quot;in&quot;,&quot;scale_type&quot;:&quot;up&quot;,&quot;initial_scale&quot;:&quot;1&quot;,&quot;max_scale&quot;:&quot;1.5&quot;,&quot;min_scale&quot;:&quot;0.5&quot;,&quot;initial_rotate&quot;:&quot;0&quot;,&quot;end_rotate&quot;:&quot;30&quot;,&quot;initial_blur&quot;:&quot;0&quot;,&quot;end_blur&quot;:&quot;3&quot;,&quot;start_element&quot;:&quot;top&quot;,&quot;start_viewport&quot;:&quot;bottom&quot;,&quot;end_element&quot;:&quot;bottom&quot;,&quot;end_viewport&quot;:&quot;top&quot;,&quot;mouse_effect&quot;:&quot;track&quot;,&quot;mouse_effect_direction&quot;:&quot;opposite&quot;,&quot;mouse_effect_speed&quot;:&quot;2&quot;,&quot;infinite_animation&quot;:&quot;float&quot;,&quot;infinite_animation_speed&quot;:&quot;2&quot;}]\" data-scroll-devices=\"small-visibility,medium-visibility,large-visibility\"><div class=\"fusion-column-wrapper fusion-column-has-shadow fusion-flex-justify-content-flex-start fusion-content-layout-column\"><ul style=\"--awb-textcolor:var(--awb-color3);--awb-line-height:27.2px;--awb-icon-width:27.2px;--awb-icon-height:27.2px;--awb-icon-margin:11.2px;--awb-content-margin:38.4px;--awb-circlecolor:var(--awb-color7);--awb-circle-yes-font-size:14.08px;\" class=\"fusion-checklist fusion-checklist-1 fusion-checklist-default type-icons\"><li class=\"fusion-li-item\" style=\"\"><span class=\"icon-wrapper circle-yes\"><i class=\"fusion-li-icon fa-map-marked-alt fas\" aria-hidden=\"true\"><\/i><\/span><div class=\"fusion-li-item-content\">\n<p><strong><a href=\"https:\/\/www.instamaps.cat\/visor.html?businessid=ad212c8c34f6e3b94e2b35a5783fda41#9\/42.0309\/1.4420\" target=\"_blank\" rel=\"noopener\">Consulta el mapa de la felicitat de les comarques de Lleida<\/a><\/strong><\/p>\n<\/div><\/li><\/ul><\/div><\/div><div class=\"fusion-layout-column fusion_builder_column fusion-builder-column-4 fusion_builder_column_1_1 1_1 fusion-flex-column\" style=\"--awb-bg-size:cover;--awb-width-large:100%;--awb-margin-top-large:0px;--awb-spacing-right-large:1.92%;--awb-margin-bottom-large:20px;--awb-spacing-left-large:1.92%;--awb-width-medium:100%;--awb-order-medium:0;--awb-spacing-right-medium:1.92%;--awb-spacing-left-medium:1.92%;--awb-width-small:100%;--awb-order-small:0;--awb-spacing-right-small:1.92%;--awb-spacing-left-small:1.92%;\"><div class=\"fusion-column-wrapper fusion-column-has-shadow fusion-flex-justify-content-flex-start fusion-content-layout-column\"><div class=\"fusion-text fusion-text-2\"><p><strong>Necessitem la vostra participaci\u00f3!\u00a0<\/strong><strong>Amb nom\u00e9s 5\u00a0minuts del vostre temps ens podr\u00e0s ajudar a dibuixar quin \u00e9s el Mapa de la Felicitat.\u00a0<\/strong>Si encara no l&#8217;heu realitzat inicia l&#8217;enquesta i descobreix quin \u00e9s el grau de Felicitat del teu municipi.<\/p>\n<\/div><\/div><\/div><div class=\"fusion-layout-column fusion_builder_column fusion-builder-column-5 fusion_builder_column_1_1 1_1 fusion-flex-column\" style=\"--awb-padding-bottom:30px;--awb-padding-left:100px;--awb-padding-right-small:5%;--awb-padding-left-small:5%;--awb-bg-size:cover;--awb-width-large:100%;--awb-margin-top-large:0px;--awb-spacing-right-large:1.92%;--awb-margin-bottom-large:20px;--awb-spacing-left-large:1.92%;--awb-width-medium:100%;--awb-order-medium:0;--awb-spacing-right-medium:1.92%;--awb-spacing-left-medium:1.92%;--awb-width-small:100%;--awb-order-small:0;--awb-spacing-right-small:1.92%;--awb-spacing-left-small:1.92%;\" data-motion-effects=\"[{&quot;type&quot;:&quot;&quot;,&quot;scroll_type&quot;:&quot;transition&quot;,&quot;scroll_direction&quot;:&quot;up&quot;,&quot;transition_speed&quot;:&quot;1&quot;,&quot;fade_type&quot;:&quot;in&quot;,&quot;scale_type&quot;:&quot;up&quot;,&quot;initial_scale&quot;:&quot;1&quot;,&quot;max_scale&quot;:&quot;1.5&quot;,&quot;min_scale&quot;:&quot;0.5&quot;,&quot;initial_rotate&quot;:&quot;0&quot;,&quot;end_rotate&quot;:&quot;30&quot;,&quot;initial_blur&quot;:&quot;0&quot;,&quot;end_blur&quot;:&quot;3&quot;,&quot;start_element&quot;:&quot;top&quot;,&quot;start_viewport&quot;:&quot;bottom&quot;,&quot;end_element&quot;:&quot;bottom&quot;,&quot;end_viewport&quot;:&quot;top&quot;,&quot;mouse_effect&quot;:&quot;track&quot;,&quot;mouse_effect_direction&quot;:&quot;opposite&quot;,&quot;mouse_effect_speed&quot;:&quot;2&quot;,&quot;infinite_animation&quot;:&quot;float&quot;,&quot;infinite_animation_speed&quot;:&quot;2&quot;}]\" data-scroll-devices=\"small-visibility,medium-visibility,large-visibility\"><div class=\"fusion-column-wrapper fusion-column-has-shadow fusion-flex-justify-content-flex-start fusion-content-layout-column\"><ul style=\"--awb-textcolor:var(--awb-color3);--awb-line-height:27.2px;--awb-icon-width:27.2px;--awb-icon-height:27.2px;--awb-icon-margin:11.2px;--awb-content-margin:38.4px;--awb-circlecolor:var(--awb-color7);--awb-circle-yes-font-size:14.08px;\" class=\"fusion-checklist fusion-checklist-2 fusion-checklist-default type-icons\"><li class=\"fusion-li-item\" style=\"\"><span class=\"icon-wrapper circle-yes\"><i class=\"fusion-li-icon fa-file-signature fas\" aria-hidden=\"true\"><\/i><\/span><div class=\"fusion-li-item-content\">\n<p><strong><a href=\"https:\/\/docs.google.com\/forms\/d\/e\/1FAIpQLSehggXdg6uwpFNJ_rNT7vDKe-fTZjitJ4AlkQSaogZ0_pjRYg\/viewform\" target=\"_blank\" rel=\"noopener\">Inicia l&#8217;enquesta<\/a><\/strong><\/p>\n<\/div><\/li><\/ul><\/div><\/div><div class=\"fusion-layout-column fusion_builder_column fusion-builder-column-6 fusion_builder_column_1_1 1_1 fusion-flex-column\" style=\"--awb-bg-size:cover;--awb-width-large:100%;--awb-margin-top-large:0px;--awb-spacing-right-large:1.92%;--awb-margin-bottom-large:20px;--awb-spacing-left-large:1.92%;--awb-width-medium:100%;--awb-order-medium:0;--awb-spacing-right-medium:1.92%;--awb-spacing-left-medium:1.92%;--awb-width-small:100%;--awb-order-small:0;--awb-spacing-right-small:1.92%;--awb-spacing-left-small:1.92%;\"><div class=\"fusion-column-wrapper fusion-column-has-shadow fusion-flex-justify-content-flex-start fusion-content-layout-column\"><div class=\"fusion-text fusion-text-3\"><p>L&#8217;enquesta que trobar\u00e0 est\u00e0 adre\u00e7ada a totes les persones en general i no requereix de cap dada personal que el\/la pugui identificar. Totes les vostres dades s\u00f3n an\u00f2nimes i seran tractades en conjunt de forma agregada, en cap cas seran analitzades individualment.\u00a0El temps aproximat de resposta de l&#8217;enquesta \u00e9s de 5 minuts.<\/p>\n<p>Li agra\u00efm per avan\u00e7at, la seva col\u00b7laboraci\u00f3.\u00a0Per finalitzar el q\u00fcestionari s&#8217;ha de pr\u00e9mer la tecla ENVIAR EL FORMULARI.<\/p>\n<p>Qualsevol dubte o aclariment sobre el q\u00fcestionari no dubti en contactar amb nosaltres. Li agra\u00efm, per avan\u00e7at, la seva col\u00b7laboraci\u00f3.<\/p>\n<h6>RECULL DE PREMSA<\/h6>\n<ul>\n<li>El Punt Avui &#8211;<a href=\"http:\/\/www.elpuntavui.cat\/societat\/article\/5-societat\/942341-estudi-de-la-udl-per-coneixer-si-els-lleidatans-son-felicos.html\">\u00a0La C\u00e0tedra d&#8217;Innovaci\u00f3 social treballa en unes 2.000 enquestes a la capital del Segri\u00e0 per elaborar un mapa de la felicitat per barris. El benestar es considera cada cop m\u00e9s un factor de progr\u00e9s per col\u00b7lectius i ciutats.<\/a><\/li>\n<li>Emun Fm R\u00e0dio &#8211;\u00a0<a href=\"http:\/\/podcast.emunfmradio.cat\/?name=2016-03-08_especial_dia_de_la_dona_la_felicitat_de_les_dones.mp3\">El dia Internacional de la Dona parlem\u00a0de Felicitat.<\/a><\/li>\n<li>Emun fm R\u00e0dio &#8211;\u00a0<a href=\"http:\/\/programes.laxarxa.com\/audio\/108406\/play\">Parlem de Felicitat i els seus beneficis (Minut 40:30)<\/a><\/li>\n<li>El Punt Avui &#8211;\u00a0<a href=\"http:\/\/www.elpuntavui.cat\/societat\/article\/5-societat\/957927-els-lleidatans-se-senten-felicos-segons-un-estudi-de-la-udl.html\">Els resultats provisionals d&#8217;una enquesta amb 1.620 participants puntua amb un 6,8 d&#8217;un m\u00e0xim de 10 el grau de felicitat. Familia, amics i temps els principals factors.<\/a><\/li>\n<li>El Segre &#8211; Aquest cap de setmana, i per celebrar el Dia Internacional de la Felicitat del 20 de mar\u00e7, parlem de Felicitat al reportatge del dominical del diari\u00a0el Segre.<\/li>\n<li>El Segre &#8211; Seguim treballant per con\u00e8ixer les fortaleses\u00a0i millorar la qualitat de vida\u00a0de les persones.<\/li>\n<li>Catalunya R\u00e0dio &#8211;\u00a0<a href=\"http:\/\/www.ccma.cat\/catradio\/alacarta\/informatius-catalunya-radio\/carles-alsinet-udl-a-lleida-estem-per-sobre-de-la-mitjana-catalana-en-temes-de-felicitat\/audio\/898916\/\">En els \u00faltims mesos, la C\u00e0tedra d&#8217;Innovaci\u00f3 Social de la UdL\u00a0ha engegat diversos projectes que giren al voltant de la Psicologia Positiva. Podeu escoltar una s\u00edntesi de tots aquests projectes en la seg\u00fcent entrevista realitzada al director de la C\u00e0tedra, Carles Alsinet.<\/a><\/li>\n<li>Via empresa &#8211;\u00a0<a href=\"http:\/\/www.viaempresa.cat\/ca\/notices\/2016\/06\/ocupats-a-ser-felicos-20079.php\">Ocupats a ser feli\u00e7os<\/a><\/li>\n<\/ul>\n<\/div><\/div><\/div><div class=\"fusion-layout-column fusion_builder_column fusion-builder-column-7 fusion_builder_column_1_1 1_1 fusion-flex-column\" style=\"--awb-padding-bottom:30px;--awb-padding-left:100px;--awb-padding-right-small:5%;--awb-padding-left-small:5%;--awb-bg-size:cover;--awb-width-large:100%;--awb-margin-top-large:0px;--awb-spacing-right-large:1.92%;--awb-margin-bottom-large:20px;--awb-spacing-left-large:1.92%;--awb-width-medium:100%;--awb-order-medium:0;--awb-spacing-right-medium:1.92%;--awb-spacing-left-medium:1.92%;--awb-width-small:100%;--awb-order-small:0;--awb-spacing-right-small:1.92%;--awb-spacing-left-small:1.92%;\" data-motion-effects=\"[{&quot;type&quot;:&quot;&quot;,&quot;scroll_type&quot;:&quot;transition&quot;,&quot;scroll_direction&quot;:&quot;up&quot;,&quot;transition_speed&quot;:&quot;1&quot;,&quot;fade_type&quot;:&quot;in&quot;,&quot;scale_type&quot;:&quot;up&quot;,&quot;initial_scale&quot;:&quot;1&quot;,&quot;max_scale&quot;:&quot;1.5&quot;,&quot;min_scale&quot;:&quot;0.5&quot;,&quot;initial_rotate&quot;:&quot;0&quot;,&quot;end_rotate&quot;:&quot;30&quot;,&quot;initial_blur&quot;:&quot;0&quot;,&quot;end_blur&quot;:&quot;3&quot;,&quot;start_element&quot;:&quot;top&quot;,&quot;start_viewport&quot;:&quot;bottom&quot;,&quot;end_element&quot;:&quot;bottom&quot;,&quot;end_viewport&quot;:&quot;top&quot;,&quot;mouse_effect&quot;:&quot;track&quot;,&quot;mouse_effect_direction&quot;:&quot;opposite&quot;,&quot;mouse_effect_speed&quot;:&quot;2&quot;,&quot;infinite_animation&quot;:&quot;float&quot;,&quot;infinite_animation_speed&quot;:&quot;2&quot;}]\" data-scroll-devices=\"small-visibility,medium-visibility,large-visibility\"><div class=\"fusion-column-wrapper fusion-column-has-shadow fusion-flex-justify-content-flex-start fusion-content-layout-column\"><ul style=\"--awb-textcolor:var(--awb-color3);--awb-line-height:27.2px;--awb-icon-width:27.2px;--awb-icon-height:27.2px;--awb-icon-margin:11.2px;--awb-content-margin:38.4px;--awb-circlecolor:var(--awb-color7);--awb-circle-yes-font-size:14.08px;\" class=\"fusion-checklist fusion-checklist-3 fusion-checklist-default type-icons\"><li class=\"fusion-li-item\" style=\"\"><span class=\"icon-wrapper circle-yes\"><i class=\"fusion-li-icon fa-file-export fas\" aria-hidden=\"true\"><\/i><\/span><div class=\"fusion-li-item-content\">\n<p><strong><a href=\"https:\/\/innovaciosocial.udl.cat\/wp-content\/uploads\/2024\/02\/Mapa-felicitat.pdf\" target=\"_blank\" rel=\"noopener\">Mapa de la felicitat<\/a><\/strong><\/p>\n<\/div><\/li><\/ul><\/div><\/div><\/div><\/div><div class=\"fusion-fullwidth fullwidth-box fusion-builder-row-3 fusion-flex-container has-pattern-background has-mask-background nonhundred-percent-fullwidth non-hundred-percent-height-scrolling\" style=\"--awb-border-radius-top-left:0px;--awb-border-radius-top-right:0px;--awb-border-radius-bottom-right:0px;--awb-border-radius-bottom-left:0px;--awb-flex-wrap:wrap;\" ><div class=\"fusion-builder-row fusion-row fusion-flex-align-items-flex-start fusion-flex-content-wrap\" style=\"max-width:1248px;margin-left: calc(-4% \/ 2 );margin-right: calc(-4% \/ 2 );\"><div class=\"fusion-layout-column fusion_builder_column fusion-builder-column-8 fusion_builder_column_1_1 1_1 fusion-flex-column\" style=\"--awb-bg-size:cover;--awb-width-large:100%;--awb-margin-top-large:0px;--awb-spacing-right-large:1.92%;--awb-margin-bottom-large:20px;--awb-spacing-left-large:1.92%;--awb-width-medium:100%;--awb-order-medium:0;--awb-spacing-right-medium:1.92%;--awb-spacing-left-medium:1.92%;--awb-width-small:100%;--awb-order-small:0;--awb-spacing-right-small:1.92%;--awb-spacing-left-small:1.92%;\"><div class=\"fusion-column-wrapper fusion-column-has-shadow fusion-flex-justify-content-flex-start fusion-content-layout-column\"><div class=\"awb-gallery-wrapper awb-gallery-wrapper-1 button-span-no\" style=\"--more-btn-alignment:center;\"><div style=\"margin:-10px;--awb-bordersize:0px;\" class=\"fusion-gallery fusion-gallery-container fusion-grid-4 fusion-columns-total-0 fusion-gallery-layout-grid fusion-gallery-1\"><\/div><\/div><\/div><\/div><\/div><\/div><\/p>\n","protected":false},"excerpt":{"rendered":"","protected":false},"author":1,"featured_media":766,"menu_order":0,"comment_status":"open","ping_status":"closed","template":"","format":"standard","meta":{"footnotes":""},"portfolio_category":[34],"portfolio_skills":[],"portfolio_tags":[],"class_list":["post-568","avada_portfolio","type-avada_portfolio","status-publish","format-standard","has-post-thumbnail","hentry","portfolio_category-projectes-arxiu"],"_links":{"self":[{"href":"https:\/\/innovaciosocial.udl.cat\/index.php\/wp-json\/wp\/v2\/avada_portfolio\/568","targetHints":{"allow":["GET"]}}],"collection":[{"href":"https:\/\/innovaciosocial.udl.cat\/index.php\/wp-json\/wp\/v2\/avada_portfolio"}],"about":[{"href":"https:\/\/innovaciosocial.udl.cat\/index.php\/wp-json\/wp\/v2\/types\/avada_portfolio"}],"author":[{"embeddable":true,"href":"https:\/\/innovaciosocial.udl.cat\/index.php\/wp-json\/wp\/v2\/users\/1"}],"replies":[{"embeddable":true,"href":"https:\/\/innovaciosocial.udl.cat\/index.php\/wp-json\/wp\/v2\/comments?post=568"}],"version-history":[{"count":11,"href":"https:\/\/innovaciosocial.udl.cat\/index.php\/wp-json\/wp\/v2\/avada_portfolio\/568\/revisions"}],"predecessor-version":[{"id":1339,"href":"https:\/\/innovaciosocial.udl.cat\/index.php\/wp-json\/wp\/v2\/avada_portfolio\/568\/revisions\/1339"}],"wp:featuredmedia":[{"embeddable":true,"href":"https:\/\/innovaciosocial.udl.cat\/index.php\/wp-json\/wp\/v2\/media\/766"}],"wp:attachment":[{"href":"https:\/\/innovaciosocial.udl.cat\/index.php\/wp-json\/wp\/v2\/media?parent=568"}],"wp:term":[{"taxonomy":"portfolio_category","embeddable":true,"href":"https:\/\/innovaciosocial.udl.cat\/index.php\/wp-json\/wp\/v2\/portfolio_category?post=568"},{"taxonomy":"portfolio_skills","embeddable":true,"href":"https:\/\/innovaciosocial.udl.cat\/index.php\/wp-json\/wp\/v2\/portfolio_skills?post=568"},{"taxonomy":"portfolio_tags","embeddable":true,"href":"https:\/\/innovaciosocial.udl.cat\/index.php\/wp-json\/wp\/v2\/portfolio_tags?post=568"}],"curies":[{"name":"wp","href":"https:\/\/api.w.org\/{rel}","templated":true}]}}