{"id":445,"date":"2024-02-19T16:04:38","date_gmt":"2024-02-19T16:04:38","guid":{"rendered":"https:\/\/innovaciosocial.udl.cat\/?post_type=avada_portfolio&#038;p=445"},"modified":"2025-07-09T08:09:25","modified_gmt":"2025-07-09T08:09:25","slug":"persones-amb-discapacitat","status":"publish","type":"avada_portfolio","link":"https:\/\/innovaciosocial.udl.cat\/index.php\/portfolio-items\/persones-amb-discapacitat\/","title":{"rendered":"Persones amb discapacitat"},"content":{"rendered":"<p><div class=\"fusion-fullwidth fullwidth-box fusion-builder-row-1 fusion-flex-container has-pattern-background has-mask-background hundred-percent-fullwidth non-hundred-percent-height-scrolling\" style=\"--link_hover_color: var(--awb-color1);--link_color: var(--awb-color3);--awb-border-radius-top-left:0px;--awb-border-radius-top-right:0px;--awb-border-radius-bottom-right:0px;--awb-border-radius-bottom-left:0px;--awb-padding-top:0px;--awb-padding-right:10vw;--awb-padding-bottom:0px;--awb-padding-left:0px;--awb-padding-right-small:10%;--awb-padding-left-small:10%;--awb-margin-top:-60px;--awb-margin-bottom:0px;--awb-margin-top-small:0px;--awb-margin-bottom-small:0px;--awb-flex-wrap:wrap;\" ><div class=\"fusion-builder-row fusion-row fusion-flex-align-items-stretch fusion-flex-content-wrap\" style=\"width:104% !important;max-width:104% !important;margin-left: calc(-4% \/ 2 );margin-right: calc(-4% \/ 2 );\"><div class=\"fusion-layout-column fusion_builder_column fusion-builder-column-0 fusion-flex-column fusion-flex-align-self-stretch\" style=\"--awb-padding-top:50px;--awb-padding-right:50px;--awb-padding-bottom:70px;--awb-padding-left:20%;--awb-padding-left-small:50px;--awb-bg-color:var(--awb-color3);--awb-bg-color-hover:var(--awb-color3);--awb-bg-size:cover;--awb-width-large:60%;--awb-margin-top-large:0px;--awb-spacing-right-large:0px;--awb-margin-bottom-large:0px;--awb-spacing-left-large:0px;--awb-width-medium:60%;--awb-order-medium:0;--awb-spacing-right-medium:0px;--awb-spacing-left-medium:0px;--awb-width-small:100%;--awb-order-small:0;--awb-spacing-right-small:1.92%;--awb-spacing-left-small:1.92%;\" data-motion-effects=\"[{&quot;type&quot;:&quot;&quot;,&quot;scroll_type&quot;:&quot;transition&quot;,&quot;scroll_direction&quot;:&quot;up&quot;,&quot;transition_speed&quot;:&quot;1&quot;,&quot;fade_type&quot;:&quot;in&quot;,&quot;scale_type&quot;:&quot;up&quot;,&quot;initial_scale&quot;:&quot;1&quot;,&quot;max_scale&quot;:&quot;1.5&quot;,&quot;min_scale&quot;:&quot;0.5&quot;,&quot;initial_rotate&quot;:&quot;0&quot;,&quot;end_rotate&quot;:&quot;30&quot;,&quot;initial_blur&quot;:&quot;0&quot;,&quot;end_blur&quot;:&quot;3&quot;,&quot;start_element&quot;:&quot;top&quot;,&quot;start_viewport&quot;:&quot;bottom&quot;,&quot;end_element&quot;:&quot;bottom&quot;,&quot;end_viewport&quot;:&quot;top&quot;,&quot;mouse_effect&quot;:&quot;track&quot;,&quot;mouse_effect_direction&quot;:&quot;opposite&quot;,&quot;mouse_effect_speed&quot;:&quot;2&quot;,&quot;infinite_animation&quot;:&quot;float&quot;,&quot;infinite_animation_speed&quot;:&quot;2&quot;}]\" data-scroll-devices=\"small-visibility,medium-visibility,large-visibility\"><div class=\"fusion-column-wrapper fusion-column-has-shadow fusion-flex-justify-content-flex-end fusion-content-layout-column\"><div class=\"fusion-title title fusion-title-1 fusion-sep-none fusion-title-text fusion-title-size-one\" style=\"--awb-text-color:var(--awb-color1);--awb-font-size:50px;\"><h1 class=\"fusion-title-heading title-heading-left fusion-responsive-typography-calculated\" style=\"margin:0;font-size:1em;--fontSize:50;line-height:var(--awb-typography1-line-height);\">Persones amb discapacitat<\/h1><\/div><div class=\"fusion-title title fusion-title-2 fusion-sep-none fusion-title-text fusion-title-size-five\" style=\"--awb-text-color:var(--awb-color1);\"><h5 class=\"fusion-title-heading title-heading-left fusion-responsive-typography-calculated\" style=\"margin:0;--fontSize:20;--minFontSize:20;line-height:var(--awb-typography1-line-height);\">Revisi\u00f3 del model dels serveis de suport per a les persones amb discapacitat intel\u00b7lectual i del desenvolupament<\/h5><\/div><\/div><\/div><div class=\"fusion-layout-column fusion_builder_column fusion-builder-column-1 fusion-flex-column\" style=\"--awb-padding-top:200px;--awb-padding-bottom:200px;--awb-padding-top-small:50px;--awb-padding-bottom-small:50px;--awb-bg-color:var(--awb-color3);--awb-bg-color-hover:var(--awb-color3);--awb-bg-image:url(&#039;https:\/\/innovaciosocial.udl.cat\/wp-content\/uploads\/2024\/02\/Imatge.webp&#039;);--awb-bg-position:center center;--awb-bg-size:cover;--awb-width-large:40%;--awb-margin-top-large:0px;--awb-spacing-right-large:0px;--awb-margin-bottom-large:0px;--awb-spacing-left-large:0px;--awb-width-medium:40%;--awb-order-medium:0;--awb-spacing-right-medium:0px;--awb-spacing-left-medium:0px;--awb-width-small:100%;--awb-order-small:0;--awb-spacing-right-small:1.92%;--awb-spacing-left-small:1.92%;\" data-motion-effects=\"[{&quot;type&quot;:&quot;&quot;,&quot;scroll_type&quot;:&quot;transition&quot;,&quot;scroll_direction&quot;:&quot;up&quot;,&quot;transition_speed&quot;:&quot;1&quot;,&quot;fade_type&quot;:&quot;in&quot;,&quot;scale_type&quot;:&quot;up&quot;,&quot;initial_scale&quot;:&quot;1&quot;,&quot;max_scale&quot;:&quot;1.5&quot;,&quot;min_scale&quot;:&quot;0.5&quot;,&quot;initial_rotate&quot;:&quot;0&quot;,&quot;end_rotate&quot;:&quot;30&quot;,&quot;initial_blur&quot;:&quot;0&quot;,&quot;end_blur&quot;:&quot;3&quot;,&quot;start_element&quot;:&quot;top&quot;,&quot;start_viewport&quot;:&quot;bottom&quot;,&quot;end_element&quot;:&quot;bottom&quot;,&quot;end_viewport&quot;:&quot;top&quot;,&quot;mouse_effect&quot;:&quot;track&quot;,&quot;mouse_effect_direction&quot;:&quot;opposite&quot;,&quot;mouse_effect_speed&quot;:&quot;2&quot;,&quot;infinite_animation&quot;:&quot;float&quot;,&quot;infinite_animation_speed&quot;:&quot;2&quot;}]\" data-scroll-devices=\"small-visibility,medium-visibility,large-visibility\"><div class=\"fusion-column-wrapper fusion-column-has-shadow fusion-flex-justify-content-flex-start fusion-content-layout-column fusion-empty-column-bg-image fusion-column-has-bg-image\" data-bg-url=\"https:\/\/innovaciosocial.udl.cat\/wp-content\/uploads\/2024\/02\/Imatge.webp\"><img decoding=\"async\" class=\"fusion-empty-dims-img-placeholder fusion-no-large-visibility fusion-no-medium-visibility\" src=\"data:image\/svg+xml,%3Csvg%20xmlns%3D%27http%3A%2F%2Fwww.w3.org%2F2000%2Fsvg%27%20width%3D%27800%27%20height%3D%27534%27%20viewBox%3D%270%200%20800%20534%27%3E%3Crect%20width%3D%27800%27%20height%3D%27534%27%20fill-opacity%3D%220%22%2F%3E%3C%2Fsvg%3E\"><\/div><\/div><\/div><\/div><div class=\"fusion-fullwidth fullwidth-box fusion-builder-row-2 fusion-flex-container has-pattern-background has-mask-background nonhundred-percent-fullwidth non-hundred-percent-height-scrolling\" style=\"--awb-border-radius-top-left:0px;--awb-border-radius-top-right:0px;--awb-border-radius-bottom-right:0px;--awb-border-radius-bottom-left:0px;--awb-padding-top:50px;--awb-padding-bottom-small:0px;--awb-flex-wrap:wrap;\" ><div class=\"fusion-builder-row fusion-row fusion-flex-align-items-stretch fusion-flex-justify-content-space-between fusion-flex-content-wrap\" style=\"max-width:1248px;margin-left: calc(-4% \/ 2 );margin-right: calc(-4% \/ 2 );\"><div class=\"fusion-layout-column fusion_builder_column fusion-builder-column-2 fusion_builder_column_1_1 1_1 fusion-flex-column\" style=\"--awb-bg-size:cover;--awb-width-large:100%;--awb-margin-top-large:0px;--awb-spacing-right-large:1.92%;--awb-margin-bottom-large:20px;--awb-spacing-left-large:1.92%;--awb-width-medium:100%;--awb-order-medium:0;--awb-spacing-right-medium:1.92%;--awb-spacing-left-medium:1.92%;--awb-width-small:100%;--awb-order-small:0;--awb-spacing-right-small:1.92%;--awb-spacing-left-small:1.92%;\"><div class=\"fusion-column-wrapper fusion-column-has-shadow fusion-flex-justify-content-flex-start fusion-content-layout-column\"><div class=\"fusion-text fusion-text-1\"><h5><strong>1. REVISI\u00d3 DEL MODEL DELS SERVEIS DE SUPORT PER A LES PERSONES AMB DISCAPACITAT INTEL\u00b7LECTUAL I DEL DESENVOLUPAMENT &#8211; FEDERACI\u00d3 ALLEM<\/strong><\/h5>\n<p>Des de l\u2019any 1982 que es va publicar la\u00a0<em>Llei d\u2019integraci\u00f3 social dels disminu\u00efts\u00a0<\/em>(LISMI), que tenia com principal objectiu la integraci\u00f3 social de les persones amb discapacitat ha passat molt de temps, i \u00e9s per aix\u00f2 que m\u00e9s de trenta anys despr\u00e8s i un grapat de Reials decrets legislatius, la Federaci\u00f3 ALLEM proposa a la C\u00e0tedra d\u2019Innovaci\u00f3 Social de la Universitat de Lleida realitzar una revisi\u00f3 tant del\u00a0<strong>model d\u2019atenci\u00f3 com dels perfils de les persones amb discapacitat que s\u2019atenen en els diferents serveis de les entitats associades<\/strong>. La situaci\u00f3 econ\u00f2mica actual, aix\u00ed\u00a0com una societat acceleradament canviant, fa entreveure que, per una banda el model d\u2019atenci\u00f3 econ\u00f2mic dels serveis d\u2019atenci\u00f3 a les persones amb discapacitat, com els perfils d\u2019atenci\u00f3, no ens permeten realitzar una d\u2019atenci\u00f3 psicosocial que s\u2019ajusti a les necessitats actuals de les persones amb discapacitat ni a les seves fam\u00edlies.<\/p>\n<h6>OBJECTIUS DE LA RECERCA<\/h6>\n<ol>\n<li>Valorar quin ha estat el perfil de les persones amb discapacitat en els darrers deu anys.<\/li>\n<li>Con\u00e8ixer la situaci\u00f3 actual del model d\u2019atenci\u00f3 a les persones amb discapacitat.<\/li>\n<li>Proposar un model d\u2019atenci\u00f3\/acci\u00f3 psicosocial i noves l\u00ednies d&#8217;actuaci\u00f3 d&#8217;atenci\u00f3 per a millorar la seva qualitat de vida.<\/li>\n<\/ol>\n<p>L\u2019any 2017 despr\u00e9s de gaireb\u00e9 tres anys de dedicaci\u00f3, es tanca el Treball de Recerca realitzat per la C\u00e0tedra d&#8217;Innovaci\u00f3 Social de la UdL i la Federaci\u00f3 ALLEM. La recerca conclou amb la descripci\u00f3 d\u201911 L\u00ednies de futur amb les que caldr\u00e0 treballar i aprofundir. Al 2018 a fi d\u2019avan\u00e7ar en aquesta direcci\u00f3 s\u2019han impulsat 4 grups de treball, que junts intentaran donar cobertura a aquestes 11 l\u00ednies esmentades i que centraran la seva acci\u00f3 en: implantaci\u00f3 de l&#8217;atenci\u00f3 centrada en la persona, necessitats de les persones joves amb DID, model econ\u00f2mic i relacions amb l&#8217;administraci\u00f3 i formaci\u00f3, atenci\u00f3 di\u00fcrna i acc\u00e9s al treball.<\/p>\n<h6><span class=\"marker\">PUBLICACI\u00d3 C\u00c0TEDRA<\/span><\/h6>\n<ul>\n<li><span class=\"marker\">Alsinet, C., Feliu, B. &amp; Torres, M. (2017). <em>Revisi\u00f3 del model dels serveis de suport per a les persones amb discapacitat intel\u00b7lectual i del desenvolupament.<\/em>\u00a0Edicions i Publicacions de la UdL, Lleida. Spain. ISBN 978-84-9144-045-1. Recuperat de\u00a0<a href=\"http:\/\/hdl.handle.net\/10459.1\/59915\">http:\/\/hdl.handle.net\/10459.1\/59915<\/a><\/span><\/li>\n<\/ul>\n<h5><strong>2. PROTECCI\u00d3 I SUPORT A L&#8217;EXERCICI DE LA CAPACITAT DE LES PERSONES A LES COMARQUES DE LLEIDA: PRESENT I FUTUR &#8211; FUNDACI\u00d3 TUTELAR TERRES DE LLEIDA<\/strong><\/h5>\n<p>Amb la promulgaci\u00f3 de la Convenci\u00f3 sobre els drets de les persones amb discapacitat de les Nacions Unides de l\u2019any 2006, va quedar palesa la import\u00e0ncia de vetllar i reivindicar que les persones s\u00f3n subjectes de dret i no sols objecte de protecci\u00f3. L\u2019aplicaci\u00f3 plena de l\u2019esperit de la Convenci\u00f3, requereix un treball intens i conjunt de professionals dels \u00e0mbits social i del dret per descartar antigues pr\u00e0ctiques i avan\u00e7ar cap a una nova visi\u00f3 on es garanteixi a la persona el dret a l\u2019autonomia en totes les \u00e0rees de la seva vida. La reforma del Codi civil de Catalunya de 2010 ja va recollir els postulats de la Convenci\u00f3 oferint noves figures de protecci\u00f3 per tal d\u2019adequar l\u2019emparament necessari en aquells \u00e0mbits o \u00e0rees on la persona necessiti algun tipus de suport o protecci\u00f3.<\/p>\n<p>En aquest context, sorgeix la idea d\u2019aquest estudi:\u00a0tant per\u00a0<strong>con\u00e8ixer de forma detallada la situaci\u00f3 actual de la protecci\u00f3 i suport jur\u00eddic\u00a0<\/strong><strong>a la capacitat d\u2019obrar\u00a0<\/strong><strong>de les persones de la demarcaci\u00f3 de Lleida\u00a0<\/strong>com per\u00a0<strong>propiciar la reflexi\u00f3 i el debat sobre la seva evoluci\u00f3 futura entre els professionals<\/strong>. Aquest estudi ha estat realitzat per la C\u00e0tedra d&#8217;Innovaci\u00f3 Social i ha estat impulsat per la Fundaci\u00f3 Tutelar Terres de Lleida en el marc del projecte \u201cPromoci\u00f3 i enfortiment del sector de la tutela a les comarques de Lleida\u201d i amb el finan\u00e7ament de la Diputaci\u00f3 de Lleida.<\/p>\n<h6>PUBLICACI\u00d3 C\u00c0TEDRA<\/h6>\n<ul>\n<li>Alsinet, C., &amp; Salvad\u00f3, A. (2018). <em>Protecci\u00f3 i suport a l&#8217;exercici de la capacitat de les persones a les comarques de Lleida: present i futur.<\/em>\u00a0Lleida, Espa\u00f1a: Edicions i Publicacions de la UdL. ISBN 978-84-9144-105-2. Recuperat de\u00a0<a href=\"http:\/\/hdl.handle.net\/10459.1\/63474\">http:\/\/hdl.handle.net\/10459.1\/63474<\/a><\/li>\n<li>Alsinet, C., Tejada-Gallardo, C. (2019). <em>Revisi\u00f3 del model d\u2019atenci\u00f3 a la persona amb discapacitat intel\u00b7lectual i del desenvolupament: joves<\/em>. Edicions i Publicacions de la UdL, Lleida. Spain. ISBN 978-84-9144-167-0. Recuperat de\u00a0<a href=\"http:\/\/hdl.handle.net\/10459.1\/67446\">http:\/\/hdl.handle.net\/10459.1\/67446<\/a><\/li>\n<li>Alsinet, C., Tejada-Gallardo, C. (2019). <em>Revisi\u00f3 del model d\u2019atenci\u00f3 a la persona amb discapacitat intel\u00b7lectual i del desenvolupament: envelliment<\/em>. Edicions i Publicacions de la UdL, Lleida. Spain. ISBN 978-84-9144-166-3. Recuperat de\u00a0<a href=\"http:\/\/hdl.handle.net\/10459.1\/67445\">http:\/\/hdl.handle.net\/10459.1\/67445<\/a><\/li>\n<\/ul>\n<h6>RECULL DE PREMSA<\/h6>\n<ul>\n<li>La Ma\u00f1ana &#8211; Jornada de formaci\u00f3n sobre la discapacidad intelectual 22\/04\/2017.<\/li>\n<li>El Segre &#8211;\u00a0Estudi sobre discapacitats 22\/04\/2017.<\/li>\n<li>Associaci\u00f3 Alba &#8211;\u00a0<a href=\"http:\/\/aalba.cat\/ca\/b\/blog\/actualitat\/p\/es-presenta-un-estudi-de-la-udl-sobre-el-model-de-futur-dels-serveis-de-suport-a-persones-amb-discapacitat-129-1\">Es presenta un estudi de la UDL sobre el model de futur dels serveis de suport a persones amb discapacitat.<\/a><\/li>\n<li>Federaci\u00f3 Allem &#8211;\u00a0<a href=\"http:\/\/www.allem.cat\/ca\/la-federacio-allem-presenta-estudi-sobre-la-revisio-del-model-de-serveis-de-suport-per-a-les-persones-amb-discapacitat-intel-lectual-i-del-desenvolupament.html\">La Federaci\u00f3 ALLEM presenta l&#8217;estudi sobre la revisi\u00f3 del model dels serveis de suport per a les persones amb discapacitat intel\u00b7lectual i del desenvolupament<\/a><\/li>\n<li>Revisi\u00f3 del model dels serveis de suport per a les persones amb discapacitat intel\u00b7lectual i del desenvolupament.<\/li>\n<li>Hola Lleida &#8211; <a href=\"https:\/\/www.holalleida.com\/augmenten-els-lleidatans-amb-capacitat-modificada-judicialment\/\">Augmenten els lleidatans amb capacitat modificada judicialment<\/a><\/li>\n<li>Diari de la discapacitat &#8211;\u00a0<a href=\"http:\/\/diarideladiscapacitat.cat\/les-persones-amb-capacitat-modificada-a-carrec-de-les-fundacions-tutelars-augmentaran-en-els-propers-10-anys\/\">Les persones amb capacitat modificada a c\u00e0rrec de les Fundacions Tutelars augmentaran en els propers 10 anys<\/a><\/li>\n<li>UdL &#8211;\u00a0<a href=\"http:\/\/www.udl.es\/ca\/serveis\/oficina\/Noticies\/Augmenten-els-lleidatans-amb-capacitat-modificada-judicialment\/\">Augmenten els lleidatans amb capacitat modificada judicialment<\/a><\/li>\n<\/ul>\n<\/div><\/div><\/div><\/div><\/div><div class=\"fusion-fullwidth fullwidth-box fusion-builder-row-3 fusion-flex-container has-pattern-background has-mask-background nonhundred-percent-fullwidth non-hundred-percent-height-scrolling\" style=\"--awb-border-radius-top-left:0px;--awb-border-radius-top-right:0px;--awb-border-radius-bottom-right:0px;--awb-border-radius-bottom-left:0px;--awb-flex-wrap:wrap;\" ><div class=\"fusion-builder-row fusion-row fusion-flex-align-items-flex-start fusion-flex-content-wrap\" style=\"max-width:1248px;margin-left: calc(-4% \/ 2 );margin-right: calc(-4% \/ 2 );\"><div class=\"fusion-layout-column fusion_builder_column fusion-builder-column-3 fusion_builder_column_1_1 1_1 fusion-flex-column\" style=\"--awb-bg-size:cover;--awb-width-large:100%;--awb-margin-top-large:0px;--awb-spacing-right-large:1.92%;--awb-margin-bottom-large:20px;--awb-spacing-left-large:1.92%;--awb-width-medium:100%;--awb-order-medium:0;--awb-spacing-right-medium:1.92%;--awb-spacing-left-medium:1.92%;--awb-width-small:100%;--awb-order-small:0;--awb-spacing-right-small:1.92%;--awb-spacing-left-small:1.92%;\"><div class=\"fusion-column-wrapper fusion-column-has-shadow fusion-flex-justify-content-flex-start fusion-content-layout-column\"><div class=\"awb-gallery-wrapper awb-gallery-wrapper-1 button-span-no\" style=\"--more-btn-alignment:center;\"><div style=\"margin:-10px;--awb-bordersize:0px;\" class=\"fusion-gallery fusion-gallery-container fusion-grid-4 fusion-columns-total-0 fusion-gallery-layout-grid fusion-gallery-1\"><\/div><\/div><\/div><\/div><\/div><\/div><\/p>\n","protected":false},"excerpt":{"rendered":"","protected":false},"author":1,"featured_media":2112,"menu_order":0,"comment_status":"open","ping_status":"closed","template":"","format":"standard","meta":{"footnotes":""},"portfolio_category":[34],"portfolio_skills":[],"portfolio_tags":[],"class_list":["post-445","avada_portfolio","type-avada_portfolio","status-publish","format-standard","has-post-thumbnail","hentry","portfolio_category-projectes-arxiu"],"_links":{"self":[{"href":"https:\/\/innovaciosocial.udl.cat\/index.php\/wp-json\/wp\/v2\/avada_portfolio\/445","targetHints":{"allow":["GET"]}}],"collection":[{"href":"https:\/\/innovaciosocial.udl.cat\/index.php\/wp-json\/wp\/v2\/avada_portfolio"}],"about":[{"href":"https:\/\/innovaciosocial.udl.cat\/index.php\/wp-json\/wp\/v2\/types\/avada_portfolio"}],"author":[{"embeddable":true,"href":"https:\/\/innovaciosocial.udl.cat\/index.php\/wp-json\/wp\/v2\/users\/1"}],"replies":[{"embeddable":true,"href":"https:\/\/innovaciosocial.udl.cat\/index.php\/wp-json\/wp\/v2\/comments?post=445"}],"version-history":[{"count":17,"href":"https:\/\/innovaciosocial.udl.cat\/index.php\/wp-json\/wp\/v2\/avada_portfolio\/445\/revisions"}],"predecessor-version":[{"id":1714,"href":"https:\/\/innovaciosocial.udl.cat\/index.php\/wp-json\/wp\/v2\/avada_portfolio\/445\/revisions\/1714"}],"wp:featuredmedia":[{"embeddable":true,"href":"https:\/\/innovaciosocial.udl.cat\/index.php\/wp-json\/wp\/v2\/media\/2112"}],"wp:attachment":[{"href":"https:\/\/innovaciosocial.udl.cat\/index.php\/wp-json\/wp\/v2\/media?parent=445"}],"wp:term":[{"taxonomy":"portfolio_category","embeddable":true,"href":"https:\/\/innovaciosocial.udl.cat\/index.php\/wp-json\/wp\/v2\/portfolio_category?post=445"},{"taxonomy":"portfolio_skills","embeddable":true,"href":"https:\/\/innovaciosocial.udl.cat\/index.php\/wp-json\/wp\/v2\/portfolio_skills?post=445"},{"taxonomy":"portfolio_tags","embeddable":true,"href":"https:\/\/innovaciosocial.udl.cat\/index.php\/wp-json\/wp\/v2\/portfolio_tags?post=445"}],"curies":[{"name":"wp","href":"https:\/\/api.w.org\/{rel}","templated":true}]}}